{"id":65,"date":"2024-01-22T13:49:15","date_gmt":"2024-01-22T13:49:15","guid":{"rendered":"https:\/\/uprezesacom.wordpress.com\/?page_id=65"},"modified":"2026-08-23T09:39:56","modified_gmt":"2026-08-23T09:39:56","slug":"rajdy","status":"publish","type":"page","link":"http:\/\/koniewbieszczadach.pl\/index.php\/rajdy\/","title":{"rendered":"Rajdy"},"content":{"rendered":"\n<div class=\"wp-block-group alignfull has-global-padding is-layout-constrained wp-block-group-is-layout-constrained\">\n<div class=\"wp-block-columns alignwide is-layout-flex wp-container-core-columns-is-layout-1 wp-block-columns-is-layout-flex\" style=\"margin-bottom:var(--wp--preset--spacing--70)\">\n<div class=\"wp-block-column is-vertically-aligned-center is-layout-flow wp-block-column-is-layout-flow\">\n<div class=\"wp-block-jetpack-slideshow aligncenter\" data-effect=\"slide\"><div class=\"wp-block-jetpack-slideshow_container swiper-container\"><ul class=\"wp-block-jetpack-slideshow_swiper-wrapper swiper-wrapper\"><li class=\"wp-block-jetpack-slideshow_slide swiper-slide\"><figure><img decoding=\"async\" alt=\"\" class=\"wp-block-jetpack-slideshow_image wp-image-95\" data-id=\"95\" src=\"https:\/\/uprezesa.com\/wp-content\/uploads\/2024\/01\/5n9a5716.jpg\"\/><\/figure><\/li><\/ul><a class=\"wp-block-jetpack-slideshow_button-prev swiper-button-prev swiper-button-white\" role=\"button\"><\/a><a class=\"wp-block-jetpack-slideshow_button-next swiper-button-next swiper-button-white\" role=\"button\"><\/a><a aria-label=\"Pause Slideshow\" class=\"wp-block-jetpack-slideshow_button-pause\" role=\"button\"><\/a><div class=\"wp-block-jetpack-slideshow_pagination swiper-pagination swiper-pagination-white\"><\/div><\/div><\/div>\n<\/div>\n\n\n\n<div class=\"wp-block-column is-vertically-aligned-center is-layout-flow wp-block-column-is-layout-flow\">\n<h2 class=\"wp-block-heading\">Dla Kogo<\/h2>\n\n\n\n<p>Nasze Rajdy Traperskie to konne wyprawy g\u00f3rskie na pograniczu survivalu. W czasie rajd\u00f3w przemierzamy zapomniane bieszczadzkie \u015bcie\u017cki czasem trafiaj\u0105c w naprawd\u0119 trudny g\u00f3rski teren. Ca\u0142y sprz\u0119t i po\u017cywienie zabieramy w juki na grzbiet konia. Dzi\u0119ki czemu zdarza nam si\u0119 przez trzy dni nie zje\u017cd\u017ca\u0107 do ludzkich osad, odrywaj\u0105c si\u0119 od cywilizacji.<\/p>\n<\/div>\n<\/div>\n\n\n\n<div class=\"wp-block-columns alignwide is-layout-flex wp-container-core-columns-is-layout-2 wp-block-columns-is-layout-flex\" style=\"margin-bottom:var(--wp--preset--spacing--70)\">\n<div class=\"wp-block-column is-vertically-aligned-center is-layout-flow wp-block-column-is-layout-flow\">\n<h2 class=\"wp-block-heading\">Jak wygl\u0105da rajd?<\/h2>\n\n\n\n<p>Rajdy trwaj\u0105 3 dni, od pi\u0105tku rano do niedzieli, lecz tak naprawd\u0119 zaczynaj\u0105 si\u0119 ju\u017c w czwartek wieczorem &#8211; gdy wszyscy si\u0119 zje\u017cd\u017caj\u0105 i poznaj\u0105, a ko\u0144cz\u0105 dzie\u0144 p\u00f3\u017aniej, gdy\u017c po trzech dniach w g\u00f3rach, przyje\u017cd\u017camy na obiad i nocleg w naszym gospodarstwie.<\/p>\n\n\n\n<p>Pierwszy dzie\u0144 rajdu zaczynamy od \u015bniadania w domu i spakowania juk\u00f3w, a nast\u0119pnie siod\u0142ania. W zale\u017cno\u015bci od pory roku(je\u017adzimy wiosn\u0105 i jesieni\u0105 kiedy dni s\u0105 kr\u00f3tsze) jedziemy mi\u0119dzy 5-8 godzin dziennie na koniu. Robimy 2-3 przerwy na popas dla koni i jedzenie dla nas. Pod wiecz\u00f3r szukamy odpowiedniego miejsca na obozowisko i nocleg.<\/p>\n<\/div>\n\n\n\n<div class=\"wp-block-column is-vertically-aligned-center is-layout-flow wp-block-column-is-layout-flow\">\n<div class=\"wp-block-jetpack-slideshow aligncenter\" data-effect=\"slide\"><div class=\"wp-block-jetpack-slideshow_container swiper-container\"><ul class=\"wp-block-jetpack-slideshow_swiper-wrapper swiper-wrapper\"><li class=\"wp-block-jetpack-slideshow_slide swiper-slide\"><figure><img decoding=\"async\" alt=\"\" class=\"wp-block-jetpack-slideshow_image wp-image-179\" data-id=\"179\" src=\"https:\/\/uprezesa.com\/wp-content\/uploads\/2024\/01\/dscn5485.jpg\"\/><\/figure><\/li><\/ul><a class=\"wp-block-jetpack-slideshow_button-prev swiper-button-prev swiper-button-white\" role=\"button\"><\/a><a class=\"wp-block-jetpack-slideshow_button-next swiper-button-next swiper-button-white\" role=\"button\"><\/a><a aria-label=\"Pause Slideshow\" class=\"wp-block-jetpack-slideshow_button-pause\" role=\"button\"><\/a><div class=\"wp-block-jetpack-slideshow_pagination swiper-pagination swiper-pagination-white\"><\/div><\/div><\/div>\n<\/div>\n<\/div>\n\n\n\n<div class=\"wp-block-columns alignwide is-layout-flex wp-container-core-columns-is-layout-3 wp-block-columns-is-layout-flex\" style=\"margin-bottom:var(--wp--preset--spacing--70)\">\n<div class=\"wp-block-column is-vertically-aligned-center is-layout-flow wp-block-column-is-layout-flow\">\n<div class=\"wp-block-jetpack-slideshow aligncenter\" data-effect=\"slide\"><div class=\"wp-block-jetpack-slideshow_container swiper-container\"><ul class=\"wp-block-jetpack-slideshow_swiper-wrapper swiper-wrapper\"><li class=\"wp-block-jetpack-slideshow_slide swiper-slide\"><figure><img loading=\"lazy\" decoding=\"async\" width=\"1782\" height=\"1188\" alt=\"\" class=\"wp-block-jetpack-slideshow_image wp-image-699\" data-id=\"699\" src=\"http:\/\/koniewbieszczadach.pl\/wp-content\/uploads\/2024\/04\/rajdowe-piekno.jpg\" srcset=\"http:\/\/koniewbieszczadach.pl\/wp-content\/uploads\/2024\/04\/rajdowe-piekno.jpg 1782w, http:\/\/koniewbieszczadach.pl\/wp-content\/uploads\/2024\/04\/rajdowe-piekno-300x200.jpg 300w, http:\/\/koniewbieszczadach.pl\/wp-content\/uploads\/2024\/04\/rajdowe-piekno-1024x683.jpg 1024w, http:\/\/koniewbieszczadach.pl\/wp-content\/uploads\/2024\/04\/rajdowe-piekno-768x512.jpg 768w, http:\/\/koniewbieszczadach.pl\/wp-content\/uploads\/2024\/04\/rajdowe-piekno-1536x1024.jpg 1536w\" sizes=\"(max-width: 1782px) 100vw, 1782px\" \/><\/figure><\/li><\/ul><a class=\"wp-block-jetpack-slideshow_button-prev swiper-button-prev swiper-button-white\" role=\"button\"><\/a><a class=\"wp-block-jetpack-slideshow_button-next swiper-button-next swiper-button-white\" role=\"button\"><\/a><a aria-label=\"Pause Slideshow\" class=\"wp-block-jetpack-slideshow_button-pause\" role=\"button\"><\/a><div class=\"wp-block-jetpack-slideshow_pagination swiper-pagination swiper-pagination-white\"><\/div><\/div><\/div>\n<\/div>\n\n\n\n<div class=\"wp-block-column is-vertically-aligned-center is-layout-flow wp-block-column-is-layout-flow\">\n<h2 class=\"wp-block-heading\">Gdzie nocujemy?<\/h2>\n\n\n\n<p>Na rajdach najcz\u0119\u015bciej nocujemy pod go\u0142ym niebem &#8211; dlatego nale\u017cy (zw\u0142aszcza na jesienne rajdy) zabra\u0107 ze sob\u0105 dobr\u0105, acz lekk\u0105 karimat\u0119 (polecamy wszelkiego rodzaju nowoczesne maty sk\u0142adaj\u0105ce si\u0119 do niewielkich rozmiar\u00f3w) i ciep\u0142y \u015bpiw\u00f3r (zalecamy \u015bpiwory o komforcie -25 &#8211; wtedy naprawd\u0119 mo\u017cna si\u0119 wyspa\u0107 niezale\u017cnie od warunk\u00f3w) z dodatkowym antyrosowym pokrowcem.<\/p>\n\n\n\n<p>W przypadku gdy na rajdzie z\u0142apie nas burza lub ulewa staramy si\u0119 odnale\u017a\u0107 jedn\u0105 z le\u015bnych wiat, w kt\u00f3rej si\u0119 chronimy lub rozbijamy mi\u0119dzy drzewami wiezione przez siebie plandeki. <\/p>\n<\/div>\n<\/div>\n\n\n\n<div class=\"wp-block-columns alignwide is-layout-flex wp-container-core-columns-is-layout-4 wp-block-columns-is-layout-flex\" style=\"margin-bottom:var(--wp--preset--spacing--70)\">\n<div class=\"wp-block-column is-vertically-aligned-center is-layout-flow wp-block-column-is-layout-flow\">\n<h2 class=\"wp-block-heading\">Jak si\u0119 przygotowa\u0107?<\/h2>\n\n\n\n<p>Trzeba umie\u0107 je\u017adzi\u0107 konno co najmniej w stopniu \u015bredniozaawansowanym (st\u0119p, k\u0142us, pocz\u0105tkuj\u0105ce galopy) i umie\u0107 osiod\u0142a\u0107 konia.<\/p>\n\n\n\n<p>Na rajd powinni\u015bmy wzi\u0105\u0107 ze sob\u0105 tylko najpotrzebniejsze rzeczy, kt\u00f3re zmieszcz\u0105 si\u0119 do niewielkich juk\u00f3w (w kt\u00f3re musimy zapakowa\u0107 r\u00f3wnie\u017c \u017cywno\u015b\u0107).<br><br>Poni\u017cej lista przydatnych rzeczy na rajdzie:<\/p>\n\n\n\n<ul class=\"wp-block-list\">\n<li>Ciep\u0142e ubranie i kurtka &#8211; niezale\u017cnie od prognozy pogoda w g\u00f3rach jest bardzo zmienna i nawet na czystym niebie po kilku godzinach mog\u0105 pojawi\u0107 si\u0119 deszczowe chmury.<\/li>\n\n\n\n<li>Ciep\u0142y \u015bpiw\u00f3r z pokrowcem &#8211; zalecamy \u015bpiwory o komforcie -25, pozwalaj\u0105 one niezale\u017cnie od pogody dobrze si\u0119 wyspa\u0107.<\/li>\n\n\n\n<li>Karimata &#8211; zalecamy lekkie i sk\u0142adaj\u0105ce si\u0119 do niewielkich rozmiar\u00f3w maty, sami u\u017cywamy dmuchanych.<\/li>\n\n\n\n<li>Bielizna &#8211; z osobistych rzeczy g\u0142\u00f3wn\u0105 potrzeb\u0105 jest bielizna, pr\u00f3cz kt\u00f3rej nie bardzo mamy miejsce w jukach na dodatkowe komplety ubra\u0144. Warto w\u0142o\u017cy\u0107 j\u0105 do foliowej torebki, \u017ceby w razie deszczu nie przemok\u0142a.<\/li>\n\n\n\n<li>Latarka &#8211; zalecamy posiadanie dobrej czo\u0142\u00f3wki i zapasowej latarki.<\/li>\n<\/ul>\n<\/div>\n\n\n\n<div class=\"wp-block-column is-vertically-aligned-center is-layout-flow wp-block-column-is-layout-flow\">\n<div class=\"wp-block-jetpack-slideshow aligncenter\" data-effect=\"slide\"><div class=\"wp-block-jetpack-slideshow_container swiper-container\"><ul class=\"wp-block-jetpack-slideshow_swiper-wrapper swiper-wrapper\"><li class=\"wp-block-jetpack-slideshow_slide swiper-slide\"><figure><img loading=\"lazy\" decoding=\"async\" width=\"1620\" height=\"1080\" alt=\"\" class=\"wp-block-jetpack-slideshow_image wp-image-112\" data-id=\"112\" src=\"https:\/\/uprezesa.com\/wp-content\/uploads\/2024\/01\/20190630202445__mg_2784.jpg\" srcset=\"http:\/\/koniewbieszczadach.pl\/wp-content\/uploads\/2024\/01\/20190630202445__mg_2784.jpg 1620w, http:\/\/koniewbieszczadach.pl\/wp-content\/uploads\/2024\/01\/20190630202445__mg_2784-300x200.jpg 300w, http:\/\/koniewbieszczadach.pl\/wp-content\/uploads\/2024\/01\/20190630202445__mg_2784-1024x683.jpg 1024w, http:\/\/koniewbieszczadach.pl\/wp-content\/uploads\/2024\/01\/20190630202445__mg_2784-768x512.jpg 768w, http:\/\/koniewbieszczadach.pl\/wp-content\/uploads\/2024\/01\/20190630202445__mg_2784-1536x1024.jpg 1536w\" sizes=\"(max-width: 1620px) 100vw, 1620px\" \/><\/figure><\/li><\/ul><a class=\"wp-block-jetpack-slideshow_button-prev swiper-button-prev swiper-button-white\" role=\"button\"><\/a><a class=\"wp-block-jetpack-slideshow_button-next swiper-button-next swiper-button-white\" role=\"button\"><\/a><a aria-label=\"Pause Slideshow\" class=\"wp-block-jetpack-slideshow_button-pause\" role=\"button\"><\/a><div class=\"wp-block-jetpack-slideshow_pagination swiper-pagination swiper-pagination-white\"><\/div><\/div><\/div>\n<\/div>\n<\/div>\n\n\n\n<div class=\"wp-block-columns alignwide is-layout-flex wp-container-core-columns-is-layout-5 wp-block-columns-is-layout-flex\" style=\"margin-bottom:var(--wp--preset--spacing--70)\">\n<div class=\"wp-block-column is-vertically-aligned-center is-layout-flow wp-block-column-is-layout-flow\">\n<div class=\"wp-block-jetpack-slideshow aligncenter\" data-effect=\"slide\"><div class=\"wp-block-jetpack-slideshow_container swiper-container\"><ul class=\"wp-block-jetpack-slideshow_swiper-wrapper swiper-wrapper\"><li class=\"wp-block-jetpack-slideshow_slide swiper-slide\"><figure><img loading=\"lazy\" decoding=\"async\" width=\"479\" height=\"720\" alt=\"\" class=\"wp-block-jetpack-slideshow_image wp-image-288\" data-id=\"288\" src=\"https:\/\/uprezesa.com\/wp-content\/uploads\/2024\/01\/prezes-1.jpg\" srcset=\"http:\/\/koniewbieszczadach.pl\/wp-content\/uploads\/2024\/01\/prezes-1.jpg 479w, http:\/\/koniewbieszczadach.pl\/wp-content\/uploads\/2024\/01\/prezes-1-200x300.jpg 200w\" sizes=\"(max-width: 479px) 100vw, 479px\" \/><\/figure><\/li><\/ul><a class=\"wp-block-jetpack-slideshow_button-prev swiper-button-prev swiper-button-white\" role=\"button\"><\/a><a class=\"wp-block-jetpack-slideshow_button-next swiper-button-next swiper-button-white\" role=\"button\"><\/a><a aria-label=\"Pause Slideshow\" class=\"wp-block-jetpack-slideshow_button-pause\" role=\"button\"><\/a><div class=\"wp-block-jetpack-slideshow_pagination swiper-pagination swiper-pagination-white\"><\/div><\/div><\/div>\n<\/div>\n\n\n\n<div class=\"wp-block-column is-vertically-aligned-center is-layout-flow wp-block-column-is-layout-flow\">\n<h2 class=\"wp-block-heading\">Czego nie bra\u0107?<\/h2>\n\n\n\n<p>Jako, \u017ce wiele os\u00f3b przywozi ze sob\u0105 za du\u017co sprz\u0119tu, kt\u00f3ry potem zostaje pod stajni\u0105, zrobili\u015bmy list\u0119 rzeczy kt\u00f3rych bra\u0107 nie warto:<\/p>\n\n\n\n<ul class=\"wp-block-list\">\n<li>Namioty &#8211; na ko\u0144skim grzbiecie nie ma miejsca do przypi\u0119cia namiotu.<\/li>\n\n\n\n<li>Butle gazowe &#8211; s\u0105 ci\u0119\u017ckie i zb\u0119dne, zawsze niezale\u017cnie od pogody jeste\u015bmy w stanie rozpali\u0107 ognisko &#8211; butle gazowe pr\u00f3cz niepor\u0119czno\u015bci, niszcz\u0105 te\u017c czar traperskiej przygody.<\/li>\n\n\n\n<li>Dodatkowe komplety ubra\u0144 i but\u00f3w &#8211; niestety (a mo\u017ce na szcz\u0119\u015bcie) nasze juki s\u0105 za ma\u0142e aby zapakowa\u0107 dodatkowe komplety ubra\u0144, a dopinanie dodatkowych tobo\u0142\u00f3w do siod\u0142a ko\u0144czy si\u0119 ko\u0144skimi obtarciami i odbiciami.<\/li>\n\n\n\n<li>Klapki, r\u0119czniki, szlafroki &#8211; w czasie naszej 3 dniowej wyprawy nie b\u0119dziemy mieli dost\u0119pu do \u0142azienki ani ciep\u0142ej wody, przybory k\u0105pielowe wam si\u0119 nie przydadz\u0105.<\/li>\n<\/ul>\n<\/div>\n<\/div>\n\n\n\n<div class=\"wp-block-columns alignwide is-layout-flex wp-container-core-columns-is-layout-6 wp-block-columns-is-layout-flex\" style=\"margin-bottom:var(--wp--preset--spacing--70)\">\n<div class=\"wp-block-column is-vertically-aligned-center is-layout-flow wp-block-column-is-layout-flow\">\n<h2 class=\"wp-block-heading\">Oferta<\/h2>\n\n\n\n<p>W ramach rajdu zapewniamy dwa noclegi z wy\u017cywieniem w naszym gospodarstwie, a tak\u017ce trzy dni g\u00f3rskiej wyprawy na ko\u0144skim grzbiecie z wy\u017cywieniem. Dodatkowe koszty mog\u0105 si\u0119 pojawi\u0107, gdy grupa zdecyduje zajecha\u0107 w czasie rajdu do jakiego\u015b sklepu czy baru lub w przypadku decyzji, \u017ce rajd ma si\u0119 odby\u0107 na terenie Parku Narodowego &#8211; wtedy trzeba zap\u0142aci\u0107 za bilet parkowy.<\/p>\n<\/div>\n\n\n\n<div class=\"wp-block-column is-vertically-aligned-center is-layout-flow wp-block-column-is-layout-flow\">\n<div class=\"wp-block-jetpack-slideshow aligncenter\" data-effect=\"slide\"><div class=\"wp-block-jetpack-slideshow_container swiper-container\"><ul class=\"wp-block-jetpack-slideshow_swiper-wrapper swiper-wrapper\"><li class=\"wp-block-jetpack-slideshow_slide swiper-slide\"><figure><img loading=\"lazy\" decoding=\"async\" width=\"960\" height=\"720\" alt=\"\" class=\"wp-block-jetpack-slideshow_image wp-image-357\" data-id=\"357\" src=\"https:\/\/uprezesa.com\/wp-content\/uploads\/2024\/01\/kurs-przodownicki-1.jpg\" srcset=\"http:\/\/koniewbieszczadach.pl\/wp-content\/uploads\/2024\/01\/kurs-przodownicki-1.jpg 960w, http:\/\/koniewbieszczadach.pl\/wp-content\/uploads\/2024\/01\/kurs-przodownicki-1-300x225.jpg 300w, http:\/\/koniewbieszczadach.pl\/wp-content\/uploads\/2024\/01\/kurs-przodownicki-1-768x576.jpg 768w\" sizes=\"(max-width: 960px) 100vw, 960px\" \/><\/figure><\/li><\/ul><a class=\"wp-block-jetpack-slideshow_button-prev swiper-button-prev swiper-button-white\" role=\"button\"><\/a><a class=\"wp-block-jetpack-slideshow_button-next swiper-button-next swiper-button-white\" role=\"button\"><\/a><a aria-label=\"Pause Slideshow\" class=\"wp-block-jetpack-slideshow_button-pause\" role=\"button\"><\/a><div class=\"wp-block-jetpack-slideshow_pagination swiper-pagination swiper-pagination-white\"><\/div><\/div><\/div>\n<\/div>\n<\/div>\n\n\n\n<h2 class=\"wp-block-heading has-text-align-center\">Koszt rajdu 3 dniowego w 2026 roku to 1800 z\u0142.<\/h2>\n\n\n\n<p class=\"has-text-align-center\">Gwarancj\u0105 zaj\u0119cia miejsca jest telefoniczna b\u0105d\u017a mailowa rezerwacja <br>i wp\u0142ata 50% zadatku na konto: 81 1140 2004 0000 3102 8672 9304<\/p>\n\n\n\n<div class=\"wp-block-cover alignfull has-primary-color has-text-color has-link-color wp-elements-7beb1095b120b24ede2b0e3ebcbcaafa\"><span aria-hidden=\"true\" class=\"wp-block-cover__background has-background-dim-10 has-background-dim\" style=\"background-color:#FFF\"><\/span><img decoding=\"async\" class=\"wp-block-cover__image-background wp-image-215\" alt=\"\" src=\"https:\/\/uprezesa.com\/wp-content\/uploads\/2024\/01\/22-dsc09165-1.jpg\" style=\"object-position:50% 96%\" data-object-fit=\"cover\" data-object-position=\"50% 96%\"\/><div class=\"wp-block-cover__inner-container has-global-padding is-layout-constrained wp-block-cover-is-layout-constrained\">\n<h2 class=\"wp-block-heading has-text-align-center has-xxx-large-font-size\">Je\u015bli jeste\u015b zainteresowany!<\/h2>\n\n\n\n<div class=\"wp-block-buttons is-content-justification-center is-layout-flex wp-container-core-buttons-is-layout-1 wp-block-buttons-is-layout-flex\">\n<div class=\"wp-block-button\"><a class=\"wp-block-button__link has-background-color has-primary-background-color has-text-color has-background has-link-color wp-element-button\" href=\"https:\/\/uprezesa.com\/kontakt\/\">Skontaktuj si\u0119 z nami<\/a><\/div>\n<\/div>\n<\/div><\/div>\n<\/div>\n","protected":false},"excerpt":{"rendered":"<p>Dla Kogo Nasze Rajdy Traperskie to konne wyprawy g\u00f3rskie na pograniczu survivalu. W czasie rajd\u00f3w przemierzamy zapomniane bieszczadzkie \u015bcie\u017cki czasem trafiaj\u0105c w naprawd\u0119 trudny g\u00f3rski teren. Ca\u0142y sprz\u0119t i po\u017cywienie zabieramy w juki na grzbiet konia. Dzi\u0119ki czemu zdarza nam si\u0119 przez trzy dni nie zje\u017cd\u017ca\u0107 do ludzkich osad, odrywaj\u0105c si\u0119 od cywilizacji. Jak wygl\u0105da [&hellip;]<\/p>\n","protected":false},"author":1,"featured_media":0,"parent":0,"menu_order":0,"comment_status":"closed","ping_status":"closed","template":"","meta":{"footnotes":""},"class_list":["post-65","page","type-page","status-publish","hentry"],"yoast_head":"<!-- This site is optimized with the Yoast SEO plugin v23.6 - https:\/\/yoast.com\/wordpress\/plugins\/seo\/ -->\n<title>Rajdy - U Prezesa<\/title>\n<meta name=\"robots\" content=\"index, follow, max-snippet:-1, max-image-preview:large, max-video-preview:-1\" \/>\n<link rel=\"canonical\" href=\"https:\/\/koniewbieszczadach.pl\/index.php\/rajdy\/\" \/>\n<meta property=\"og:locale\" content=\"pl_PL\" \/>\n<meta property=\"og:type\" content=\"article\" \/>\n<meta property=\"og:title\" content=\"Rajdy - U Prezesa\" \/>\n<meta property=\"og:description\" content=\"Dla Kogo Nasze Rajdy Traperskie to konne wyprawy g\u00f3rskie na pograniczu survivalu. W czasie rajd\u00f3w przemierzamy zapomniane bieszczadzkie \u015bcie\u017cki czasem trafiaj\u0105c w naprawd\u0119 trudny g\u00f3rski teren. Ca\u0142y sprz\u0119t i po\u017cywienie zabieramy w juki na grzbiet konia. Dzi\u0119ki czemu zdarza nam si\u0119 przez trzy dni nie zje\u017cd\u017ca\u0107 do ludzkich osad, odrywaj\u0105c si\u0119 od cywilizacji. Jak wygl\u0105da [&hellip;]\" \/>\n<meta property=\"og:url\" content=\"https:\/\/koniewbieszczadach.pl\/index.php\/rajdy\/\" \/>\n<meta property=\"og:site_name\" content=\"U Prezesa\" \/>\n<meta property=\"article:publisher\" content=\"https:\/\/www.facebook.com\/profile.php?id=100064368232605\" \/>\n<meta property=\"article:modified_time\" content=\"2026-08-23T09:39:56+00:00\" \/>\n<meta property=\"og:image\" content=\"http:\/\/koniewbieszczadach.pl\/wp-content\/uploads\/2024\/01\/5n9a5716-scaled.jpg\" \/>\n\t<meta property=\"og:image:width\" content=\"2560\" \/>\n\t<meta property=\"og:image:height\" content=\"1707\" \/>\n\t<meta property=\"og:image:type\" content=\"image\/jpeg\" \/>\n<meta name=\"twitter:card\" content=\"summary_large_image\" \/>\n<meta name=\"twitter:label1\" content=\"Szacowany czas czytania\" \/>\n\t<meta name=\"twitter:data1\" content=\"5 minut\" \/>\n<script type=\"application\/ld+json\" class=\"yoast-schema-graph\">{\"@context\":\"https:\/\/schema.org\",\"@graph\":[{\"@type\":\"WebPage\",\"@id\":\"https:\/\/koniewbieszczadach.pl\/index.php\/rajdy\/\",\"url\":\"https:\/\/koniewbieszczadach.pl\/index.php\/rajdy\/\",\"name\":\"Rajdy - U Prezesa\",\"isPartOf\":{\"@id\":\"https:\/\/koniewbieszczadach.pl\/#website\"},\"primaryImageOfPage\":{\"@id\":\"https:\/\/koniewbieszczadach.pl\/index.php\/rajdy\/#primaryimage\"},\"image\":{\"@id\":\"https:\/\/koniewbieszczadach.pl\/index.php\/rajdy\/#primaryimage\"},\"thumbnailUrl\":\"https:\/\/uprezesa.com\/wp-content\/uploads\/2024\/01\/5n9a5716.jpg\",\"datePublished\":\"2024-01-22T13:49:15+00:00\",\"dateModified\":\"2026-08-23T09:39:56+00:00\",\"breadcrumb\":{\"@id\":\"https:\/\/koniewbieszczadach.pl\/index.php\/rajdy\/#breadcrumb\"},\"inLanguage\":\"pl-PL\",\"potentialAction\":[{\"@type\":\"ReadAction\",\"target\":[\"https:\/\/koniewbieszczadach.pl\/index.php\/rajdy\/\"]}]},{\"@type\":\"ImageObject\",\"inLanguage\":\"pl-PL\",\"@id\":\"https:\/\/koniewbieszczadach.pl\/index.php\/rajdy\/#primaryimage\",\"url\":\"https:\/\/uprezesa.com\/wp-content\/uploads\/2024\/01\/5n9a5716.jpg\",\"contentUrl\":\"https:\/\/uprezesa.com\/wp-content\/uploads\/2024\/01\/5n9a5716.jpg\"},{\"@type\":\"BreadcrumbList\",\"@id\":\"https:\/\/koniewbieszczadach.pl\/index.php\/rajdy\/#breadcrumb\",\"itemListElement\":[{\"@type\":\"ListItem\",\"position\":1,\"name\":\"Strona g\u0142\u00f3wna\",\"item\":\"https:\/\/koniewbieszczadach.pl\/\"},{\"@type\":\"ListItem\",\"position\":2,\"name\":\"Rajdy\"}]},{\"@type\":\"WebSite\",\"@id\":\"https:\/\/koniewbieszczadach.pl\/#website\",\"url\":\"https:\/\/koniewbieszczadach.pl\/\",\"name\":\"Konie w Bieszczadach\",\"description\":\"Konie w Bieszczadach\",\"publisher\":{\"@id\":\"https:\/\/koniewbieszczadach.pl\/#organization\"},\"alternateName\":\"U Prezesa\",\"potentialAction\":[{\"@type\":\"SearchAction\",\"target\":{\"@type\":\"EntryPoint\",\"urlTemplate\":\"https:\/\/koniewbieszczadach.pl\/?s={search_term_string}\"},\"query-input\":{\"@type\":\"PropertyValueSpecification\",\"valueRequired\":true,\"valueName\":\"search_term_string\"}}],\"inLanguage\":\"pl-PL\"},{\"@type\":\"Organization\",\"@id\":\"https:\/\/koniewbieszczadach.pl\/#organization\",\"name\":\"Konie w Bieszczadach\",\"url\":\"https:\/\/koniewbieszczadach.pl\/\",\"logo\":{\"@type\":\"ImageObject\",\"inLanguage\":\"pl-PL\",\"@id\":\"https:\/\/koniewbieszczadach.pl\/#\/schema\/logo\/image\/\",\"url\":\"https:\/\/koniewbieszczadach.pl\/wp-content\/uploads\/2024\/01\/cropped-uprezesa_logo_a_czern_siec-2-1.png\",\"contentUrl\":\"https:\/\/koniewbieszczadach.pl\/wp-content\/uploads\/2024\/01\/cropped-uprezesa_logo_a_czern_siec-2-1.png\",\"width\":512,\"height\":512,\"caption\":\"Konie w Bieszczadach\"},\"image\":{\"@id\":\"https:\/\/koniewbieszczadach.pl\/#\/schema\/logo\/image\/\"},\"sameAs\":[\"https:\/\/www.facebook.com\/profile.php?id=100064368232605\",\"https:\/\/www.instagram.com\/u_prezesa\/\"]}]}<\/script>\n<!-- \/ Yoast SEO plugin. -->","yoast_head_json":{"title":"Rajdy - U Prezesa","robots":{"index":"index","follow":"follow","max-snippet":"max-snippet:-1","max-image-preview":"max-image-preview:large","max-video-preview":"max-video-preview:-1"},"canonical":"https:\/\/koniewbieszczadach.pl\/index.php\/rajdy\/","og_locale":"pl_PL","og_type":"article","og_title":"Rajdy - U Prezesa","og_description":"Dla Kogo Nasze Rajdy Traperskie to konne wyprawy g\u00f3rskie na pograniczu survivalu. W czasie rajd\u00f3w przemierzamy zapomniane bieszczadzkie \u015bcie\u017cki czasem trafiaj\u0105c w naprawd\u0119 trudny g\u00f3rski teren. Ca\u0142y sprz\u0119t i po\u017cywienie zabieramy w juki na grzbiet konia. Dzi\u0119ki czemu zdarza nam si\u0119 przez trzy dni nie zje\u017cd\u017ca\u0107 do ludzkich osad, odrywaj\u0105c si\u0119 od cywilizacji. Jak wygl\u0105da [&hellip;]","og_url":"https:\/\/koniewbieszczadach.pl\/index.php\/rajdy\/","og_site_name":"U Prezesa","article_publisher":"https:\/\/www.facebook.com\/profile.php?id=100064368232605","article_modified_time":"2026-08-23T09:39:56+00:00","og_image":[{"width":2560,"height":1707,"url":"http:\/\/koniewbieszczadach.pl\/wp-content\/uploads\/2024\/01\/5n9a5716-scaled.jpg","type":"image\/jpeg"}],"twitter_card":"summary_large_image","twitter_misc":{"Szacowany czas czytania":"5 minut"},"schema":{"@context":"https:\/\/schema.org","@graph":[{"@type":"WebPage","@id":"https:\/\/koniewbieszczadach.pl\/index.php\/rajdy\/","url":"https:\/\/koniewbieszczadach.pl\/index.php\/rajdy\/","name":"Rajdy - U Prezesa","isPartOf":{"@id":"https:\/\/koniewbieszczadach.pl\/#website"},"primaryImageOfPage":{"@id":"https:\/\/koniewbieszczadach.pl\/index.php\/rajdy\/#primaryimage"},"image":{"@id":"https:\/\/koniewbieszczadach.pl\/index.php\/rajdy\/#primaryimage"},"thumbnailUrl":"https:\/\/uprezesa.com\/wp-content\/uploads\/2024\/01\/5n9a5716.jpg","datePublished":"2024-01-22T13:49:15+00:00","dateModified":"2026-08-23T09:39:56+00:00","breadcrumb":{"@id":"https:\/\/koniewbieszczadach.pl\/index.php\/rajdy\/#breadcrumb"},"inLanguage":"pl-PL","potentialAction":[{"@type":"ReadAction","target":["https:\/\/koniewbieszczadach.pl\/index.php\/rajdy\/"]}]},{"@type":"ImageObject","inLanguage":"pl-PL","@id":"https:\/\/koniewbieszczadach.pl\/index.php\/rajdy\/#primaryimage","url":"https:\/\/uprezesa.com\/wp-content\/uploads\/2024\/01\/5n9a5716.jpg","contentUrl":"https:\/\/uprezesa.com\/wp-content\/uploads\/2024\/01\/5n9a5716.jpg"},{"@type":"BreadcrumbList","@id":"https:\/\/koniewbieszczadach.pl\/index.php\/rajdy\/#breadcrumb","itemListElement":[{"@type":"ListItem","position":1,"name":"Strona g\u0142\u00f3wna","item":"https:\/\/koniewbieszczadach.pl\/"},{"@type":"ListItem","position":2,"name":"Rajdy"}]},{"@type":"WebSite","@id":"https:\/\/koniewbieszczadach.pl\/#website","url":"https:\/\/koniewbieszczadach.pl\/","name":"Konie w Bieszczadach","description":"Konie w Bieszczadach","publisher":{"@id":"https:\/\/koniewbieszczadach.pl\/#organization"},"alternateName":"U Prezesa","potentialAction":[{"@type":"SearchAction","target":{"@type":"EntryPoint","urlTemplate":"https:\/\/koniewbieszczadach.pl\/?s={search_term_string}"},"query-input":{"@type":"PropertyValueSpecification","valueRequired":true,"valueName":"search_term_string"}}],"inLanguage":"pl-PL"},{"@type":"Organization","@id":"https:\/\/koniewbieszczadach.pl\/#organization","name":"Konie w Bieszczadach","url":"https:\/\/koniewbieszczadach.pl\/","logo":{"@type":"ImageObject","inLanguage":"pl-PL","@id":"https:\/\/koniewbieszczadach.pl\/#\/schema\/logo\/image\/","url":"https:\/\/koniewbieszczadach.pl\/wp-content\/uploads\/2024\/01\/cropped-uprezesa_logo_a_czern_siec-2-1.png","contentUrl":"https:\/\/koniewbieszczadach.pl\/wp-content\/uploads\/2024\/01\/cropped-uprezesa_logo_a_czern_siec-2-1.png","width":512,"height":512,"caption":"Konie w Bieszczadach"},"image":{"@id":"https:\/\/koniewbieszczadach.pl\/#\/schema\/logo\/image\/"},"sameAs":["https:\/\/www.facebook.com\/profile.php?id=100064368232605","https:\/\/www.instagram.com\/u_prezesa\/"]}]}},"jetpack_sharing_enabled":true,"_links":{"self":[{"href":"http:\/\/koniewbieszczadach.pl\/index.php\/wp-json\/wp\/v2\/pages\/65"}],"collection":[{"href":"http:\/\/koniewbieszczadach.pl\/index.php\/wp-json\/wp\/v2\/pages"}],"about":[{"href":"http:\/\/koniewbieszczadach.pl\/index.php\/wp-json\/wp\/v2\/types\/page"}],"author":[{"embeddable":true,"href":"http:\/\/koniewbieszczadach.pl\/index.php\/wp-json\/wp\/v2\/users\/1"}],"replies":[{"embeddable":true,"href":"http:\/\/koniewbieszczadach.pl\/index.php\/wp-json\/wp\/v2\/comments?post=65"}],"version-history":[{"count":5,"href":"http:\/\/koniewbieszczadach.pl\/index.php\/wp-json\/wp\/v2\/pages\/65\/revisions"}],"predecessor-version":[{"id":2472,"href":"http:\/\/koniewbieszczadach.pl\/index.php\/wp-json\/wp\/v2\/pages\/65\/revisions\/2472"}],"wp:attachment":[{"href":"http:\/\/koniewbieszczadach.pl\/index.php\/wp-json\/wp\/v2\/media?parent=65"}],"curies":[{"name":"wp","href":"https:\/\/api.w.org\/{rel}","templated":true}]}}